{"id":5845,"date":"2026-02-10T18:37:26","date_gmt":"2026-02-10T17:37:26","guid":{"rendered":"https:\/\/atelierkrouzek.cz\/praha\/?page_id=5845"},"modified":"2026-02-28T10:54:33","modified_gmt":"2026-02-28T09:54:33","slug":"primestsky-tabor","status":"publish","type":"page","link":"https:\/\/atelierkrouzek.cz\/praha\/primestsky-tabor\/","title":{"rendered":"P\u0158\u00cdM\u011aSTSK\u00dd T\u00c1BOR"},"content":{"rendered":"\n<p class=\"has-medium-font-size\">Letos m\u00e1me \u010dty\u0159i term\u00edny letn\u00edch v\u00fdtvarn\u00fdch p\u0159\u00edm\u011bstsk\u00fdch t\u00e1bor\u016f dle v\u011bku i n\u00e1m\u011btu:<\/p>\n\n\n\n<div class=\"wp-block-columns is-layout-flex wp-container-core-columns-is-layout-1 wp-block-columns-is-layout-flex\">\n<div class=\"wp-block-column is-layout-flow wp-block-column-is-layout-flow\" style=\"flex-basis:33%\">\n<div class=\"wp-block-buttons is-layout-flex wp-block-buttons-is-layout-flex\">\n<div class=\"wp-block-button has-custom-font-size has-medium-font-size\"><a class=\"wp-block-button__link has-white-color has-text-color has-background has-link-color wp-element-button\" href=\"#Pribehovy\" style=\"background-color:#fc3740\"><strong>P\u0158\u00cdB\u011aHOV\u00dd<\/strong><\/a><\/div>\n<\/div>\n\n\n\n<p class=\"has-text-color has-link-color wp-elements-059be0662b46d8426959fc74135c136d\" style=\"color:#fc3740;font-size:20px\">ilustrace, komiks a voln\u00e1 tvorba<\/p>\n\n\n\n<p class=\"has-text-color has-link-color wp-elements-60d55671f7b24ac28e51344108f9a5e1\" style=\"color:#fc3740;font-size:20px\">pro d\u011bti ve v\u011bku&nbsp;<strong>6\u201313&nbsp;let<\/strong><br>term\u00edn:&nbsp;<strong>13.\u201317.&nbsp;7.&nbsp;2026<\/strong><\/p>\n<\/div>\n\n\n\n<div class=\"wp-block-column is-layout-flow wp-block-column-is-layout-flow\" style=\"flex-basis:33%\">\n<div class=\"wp-block-buttons is-layout-flex wp-block-buttons-is-layout-flex\">\n<div class=\"wp-block-button has-custom-font-size has-medium-font-size\"><a class=\"wp-block-button__link has-white-color has-text-color has-background has-link-color wp-element-button\" href=\"#Vyletovy\" style=\"background-color:#4b87f7\"><strong>V\u00ddLETOV\u00dd (d\u0159\u00edve \u201elesn\u00ed\u201c)<\/strong><\/a><\/div>\n<\/div>\n\n\n\n<p class=\"has-text-color has-link-color wp-elements-ef2cfb5e81e90fabc6dfbc0ccd83410b\" style=\"color:#4b87f7;font-size:20px\">v\u00fdlety a tvorba v&nbsp;plen\u00e9ru<\/p>\n\n\n\n<p class=\"has-text-color has-link-color has-medium-font-size wp-elements-8992e5208df4d6e48b7121def43f17f0\" style=\"color:#4b87f7\">pro d\u011bti ve v\u011bku&nbsp;<strong>8\u201315&nbsp;let<\/strong><br>term\u00edn:&nbsp;<strong>20.\u201324.&nbsp;7.&nbsp;2026<\/strong><\/p>\n\n\n\n<p class=\"has-text-color has-link-color wp-elements-8b4f284d9747a624b0d6b36056a9c882\" style=\"color:#4b87f7;font-size:20px\">pro d\u011bti ve v\u011bku&nbsp;<strong>8\u201315&nbsp;let<\/strong><br>term\u00edn:&nbsp;<strong>24.\u201328.&nbsp;8.&nbsp;2026<\/strong><\/p>\n<\/div>\n\n\n\n<div class=\"wp-block-column is-layout-flow wp-block-column-is-layout-flow\" style=\"flex-basis:33%\">\n<div class=\"wp-block-buttons is-layout-flex wp-block-buttons-is-layout-flex\">\n<div class=\"wp-block-button has-custom-font-size has-medium-font-size\"><a class=\"wp-block-button__link has-white-color has-text-color has-background has-link-color wp-element-button\" href=\"#Krajinkarsky\" style=\"background-color:#85c477\"><strong>KRAJINK\u00c1\u0158SK\u00dd<\/strong><\/a><\/div>\n<\/div>\n\n\n\n<p class=\"has-text-color has-link-color wp-elements-1587ab0bc59115aa6f213d780963d127\" style=\"color:#85c477;font-size:20px\">kresba a malba krajin od skic po obraz na pl\u00e1tn\u011b<\/p>\n\n\n\n<p class=\"has-text-color has-link-color wp-elements-56b5584704f6f713de8ebe5136d42e6c\" style=\"color:#85c477;font-size:20px\">pro d\u011bti ve v\u011bku&nbsp;<strong>6\u201313&nbsp;let<\/strong><br>term\u00edn: <strong>17.\u201321.&nbsp;8.&nbsp;2026<\/strong><\/p>\n<\/div>\n<\/div>\n\n\n\n<hr class=\"wp-block-separator has-alpha-channel-opacity\"\/>\n\n\n\n<p>Na p\u0159\u00edm\u011bstsk\u00fdch t\u00e1borech se v\u011bnujeme d\u011btem&nbsp;<strong>intenzivn\u011bji<\/strong>&nbsp;ne\u017e na krou\u017ec\u00edch b\u011bhem \u0161koln\u00edho roku a to je pro n\u00e1s v\u017edy v\u00fdzva. Pracujeme na&nbsp;<strong>slo\u017eit\u011bj\u0161\u00edch v\u00fdtvarn\u00fdch projektech<\/strong>, kter\u00e9 zaberou v\u00edce \u010dasu nebo skl\u00e1d\u00e1me<strong>&nbsp;pestr\u00fd program<\/strong>&nbsp;z&nbsp;v\u00edce men\u0161\u00edch projekt\u016f.&nbsp;<\/p>\n\n\n\n<p>Bav\u00ed n\u00e1s to v&nbsp;<strong>mal\u00e9m kolektivu<\/strong> s&nbsp;d\u011btmi v&nbsp;\u0161ir\u0161\u00edm v\u011bkov\u00e9m rozmez\u00ed. Motivujeme t\u00edm mlad\u0161\u00ed a star\u0161\u00ed ke spolupr\u00e1ci a i sourozenci tak mohou b\u00fdt spole\u010dn\u011b v&nbsp;jedn\u00e9 skupince.<\/p>\n\n\n\n<p>Na\u0161\u00edm c\u00edlem nen\u00ed stihnout toho co nejv\u00edce, ale pro\u017e\u00edt spole\u010dn\u00fd \u010das&nbsp;<strong>kvalitn\u011b<\/strong>. Sna\u017e\u00edme se, aby d\u011bti p\u0159ece jen m\u011bly pocit pr\u00e1zdnin bez tlaku na v\u00fdkon. A je ur\u010den d\u011btem, kter\u00e9 si jej samy vybraly,&nbsp;<strong>proto\u017ee je v\u00fdtvarn\u00e1 tvorba bav\u00ed!<\/strong><\/p>\n\n\n\n<p>Nem\u00e1me pl\u00e1n p\u0159esn\u011b na minuty.&nbsp;<strong>\u0158\u00edd\u00edme se po\u010das\u00edm a n\u00e1ladou.<\/strong>&nbsp;Kdy\u017e se d\u011bti pot\u0159ebuj\u00ed h\u00fdbat, h\u00fdbaj\u00ed se, kdy\u017e jsou unaven\u00e9, tak odpo\u010d\u00edvaj\u00ed. Sva\u010d\u00edme, kdy\u017e je hlad, ale ob\u011bd b\u00fdv\u00e1 na\u010dasov\u00e1n kolem poledne.<\/p>\n\n\n\n<h3 class=\"wp-block-heading\"><strong>HARMONOGRAM<\/strong><\/h3>\n\n\n\n<p>PO\u2013P\u00c1:&nbsp;<strong>8:30\u201316:30<\/strong><\/p>\n\n\n\n<p>Sraz bude v\u017edy r\u00e1no i odpoledne v&nbsp;ateli\u00e9ru. P\u0159\u00edchody<strong> 8:30\u20139:00&nbsp;<\/strong>a vyzved\u00e1v\u00e1n\u00ed<strong> 16:00\u201316:30<\/strong>. Na z\u00e1v\u011br \u2013 v&nbsp;p\u00e1tek v&nbsp;<strong>15:30<\/strong> \u2013 bude v&nbsp;ateli\u00e9ru pro rodi\u010de a p\u0159\u00e1tel\u00e9 d\u011bt\u00ed p\u0159ipravena v\u00fdstava.<\/p>\n\n\n\n<h3 class=\"wp-block-heading\"><strong>OB\u011aDY<\/strong><\/h3>\n\n\n\n<p>Ob\u011bdy d\u011btem zajist\u00edme v\u017edy podle toho, kde zrovna budeme :-). Na \u017di\u017ekov\u011b si j\u00eddlo z&nbsp;restaurace objedn\u00e1me rovnou do ateli\u00e9ru nebo si n\u011bkter\u00fd den i spole\u010dn\u011b uva\u0159\u00edme. A na v\u00fdletech se naj\u00edme v&nbsp;restaurac\u00edch na trase na\u0161ich v\u00fdlet\u016f nebo&nbsp;si d\u00e1me ob\u011bd formou pikniku venku.<\/p>\n\n\n\n<h3 class=\"wp-block-heading\"><strong>S SEBOU<\/strong><\/h3>\n\n\n\n<p>Jen&nbsp;<strong>lahev s&nbsp;pit\u00edm a dv\u011b<\/strong> <strong>sva\u010diny, pr\u016fkazku na MHD a vlaky a karti\u010dku zdravotn\u00ed poji\u0161\u0165ovny <\/strong>(sta\u010d\u00ed kopie).<br>A samoz\u0159ejm\u011b vhodn\u00e9 oble\u010den\u00ed do p\u0159\u00edrody, k&nbsp;v\u00fdtvarn\u00e9mu tvo\u0159en\u00ed a dle po\u010das\u00ed (pl\u00e1\u0161t\u011bnka\/pokr\u00fdvka hlavy a opalovac\u00ed kr\u00e9m).<\/p>\n\n\n\n<h3 class=\"wp-block-heading\"><strong>CENA<\/strong><\/h3>\n\n\n\n<p><strong>6&nbsp;300&nbsp;K\u010d<\/strong><br>V cen\u011b je u\u017e&nbsp;<strong>v\u0161e zahrnuto<\/strong>&nbsp;\u2013 v\u00fdtvarn\u00fd materi\u00e1l, j\u00edzdenky, vstupenky i ob\u011bdy.<\/p>\n\n\n\n<p>Je mo\u017en\u00e9 uplatnit slevu (jen jednu z&nbsp;nab\u00edzen\u00fdch):<\/p>\n\n\n\n<ul class=\"wp-block-list\">\n<li><strong>5&nbsp;%<\/strong>&nbsp;pro sourozence<\/li>\n\n\n\n<li><strong>10&nbsp;%<\/strong>&nbsp;pro d\u011bti z&nbsp;Prahy 3 \u2013 D\u00edky podpo\u0159e od M\u010c Praha 3.<\/li>\n<\/ul>\n\n\n\n<h3 class=\"wp-block-heading\"><strong>STORNO PODM\u00cdNKY:<\/strong><\/h3>\n\n\n\n<p>V p\u0159\u00edpad\u011b&nbsp;<strong>omluvy<\/strong>&nbsp;p\u0159edem z&nbsp;n\u011bkter\u00e9ho dne nebo&nbsp;<strong>storna<\/strong>&nbsp;cel\u00e9ho t\u00e1bora V\u00e1m poskytneme n\u00e1hradu&nbsp;<strong>ve form\u011b poukazu do na\u0161\u00ed grafick\u00e9 d\u00edlny (1 den = poukaz na 1 d\u00edlnu)<\/strong>. Pokud se d\u00edt\u011b na p\u0159\u00edm\u011bstsk\u00fd t\u00e1bor nedostav\u00ed bez omluvy p\u0159edem, tak poplatek propad\u00e1 bez n\u00e1hrady.<\/p>\n\n\n\n<div style=\"height:15px\" aria-hidden=\"true\" class=\"wp-block-spacer\"><\/div>\n\n\n\n<div class=\"wp-block-buttons is-content-justification-center is-layout-flex wp-container-core-buttons-is-layout-4 wp-block-buttons-is-layout-flex\">\n<div class=\"wp-block-button has-custom-font-size\" style=\"font-size:20px\"><a class=\"wp-block-button__link has-white-color has-pale-pink-background-color has-text-color has-background has-link-color has-text-align-center wp-element-button\" href=\"https:\/\/atelierkrouzek.cz\/praha\/prihlaska\/\" style=\"border-radius:100px\"><mark style=\"background-color:rgba(0, 0, 0, 0)\" class=\"has-inline-color has-white-color\">P\u0158IHL\u00c1SIT SE<\/mark><\/a><\/div>\n<\/div>\n\n\n\n<div style=\"height:40px\" aria-hidden=\"true\" id=\"Pribehovy\" class=\"wp-block-spacer\"><\/div>\n\n\n\n<p class=\"has-medium-font-size\">V\u00edce INFO O PROGRAMU jednotliv\u00fdch term\u00edn\u016f:<\/p>\n\n\n\n<hr class=\"wp-block-separator has-alpha-channel-opacity\"\/>\n\n\n\n<div style=\"height:15px\" aria-hidden=\"true\" class=\"wp-block-spacer\"><\/div>\n\n\n\n<div class=\"wp-block-media-text is-stacked-on-mobile\" style=\"grid-template-columns:33% auto\"><figure class=\"wp-block-media-text__media\"><img loading=\"lazy\" decoding=\"async\" width=\"600\" height=\"660\" src=\"https:\/\/atelierkrouzek.cz\/praha\/wp-content\/uploads\/sites\/4\/2026\/02\/Primestak_Pribehovy.jpg\" alt=\"\" class=\"wp-image-5855 size-full\" srcset=\"https:\/\/atelierkrouzek.cz\/praha\/wp-content\/uploads\/sites\/4\/2026\/02\/Primestak_Pribehovy.jpg 600w, https:\/\/atelierkrouzek.cz\/praha\/wp-content\/uploads\/sites\/4\/2026\/02\/Primestak_Pribehovy-273x300.jpg 273w\" sizes=\"(max-width: 600px) 100vw, 600px\" \/><\/figure><div class=\"wp-block-media-text__content\">\n<h2 class=\"wp-block-heading\">Ilustrace, komiks a voln\u00e1 tvorba<\/h2>\n\n\n\n<p>B\u011bhem tohoto p\u0159\u00edm\u011bstsk\u00e9ho t\u00e1bora si vyzkou\u0161\u00edme <strong>r\u016fzn\u00e9 zp\u016fsoby v\u00fdtvarn\u00e9ho ztv\u00e1rn\u011bn\u00ed p\u0159\u00edb\u011bhu<\/strong>, jako jsou komiks, ilustrace nebo <strong>Kamishibai<\/strong>, co\u017e je star\u00e1 vypr\u00e1v\u011bc\u00ed technika z&nbsp;Japonska se kterou se b\u011bhem t\u00e1bora sezn\u00e1m\u00edme. <\/p>\n\n\n\n<p>D\u011bti si budou moct vybrat v\u00fdtvarnou techniku, kter\u00e1 jim bude vyhovovat a budou moct malovat a kreslit jen voln\u011b.<br>Budeme si vypr\u00e1v\u011bt p\u0159\u00edb\u011bhy a no\u0159it se do nich\u2026 <strong>malovat obrazy k&nbsp;p\u0159\u00edb\u011bh\u016fm a hledat p\u0159\u00edb\u011bhy v&nbsp;obrazech.<\/strong><\/p>\n\n\n\n<p>Tvo\u0159it budeme v&nbsp;ateli\u00e9ru a na dvorku. Jako p\u0159est\u00e1vky v&nbsp;tvorb\u011b a pro sb\u00edr\u00e1n\u00ed inspirace si ud\u011bl\u00e1me proch\u00e1zky po okoln\u00edch parc\u00edch nebo na v\u00fdstavu do galerie<\/p>\n\n\n\n<p><strong>Na z\u00e1v\u011br p\u0159iprav\u00edme v&nbsp;ateli\u00e9ru v\u00fdstavu<\/strong>, na kterou si mohou d\u011bti pozvat koho cht\u011bj\u00ed.<\/p>\n\n\n\n<p>Program je vhodn\u00fd jak pro za\u010d\u00e1te\u010dn\u00edky tak i pokro\u010dil\u00e9 d\u011bti ve v\u011bku 6\u201313 let.<\/p>\n\n\n\n<p><strong>M\u016f\u017eete d\u011bti hl\u00e1sit opakovan\u011b a v\u017edy za\u017eij\u00ed&nbsp;nov\u00e9 z\u00e1\u017eitky!<\/strong> Ten kdo si vyrobil sv\u016fj p\u0159\u00edb\u011bh a sk\u0159\u00ed\u0148ku do divadla Kamishibai u\u017e vloni a cht\u011bl by si tento t\u00e1bor zopakovat, tak m\u016f\u017ee vytvo\u0159it zase nov\u00fd Kamishibai p\u0159\u00edb\u011bh, t\u0159eba i jinou v\u00fdtvarnou technikou, ale pokud nebude cht\u00edt, tak se m\u016f\u017ee v\u011bnovat jin\u00fdm form\u00e1m ztv\u00e1rn\u011bn\u00ed p\u0159\u00edb\u011bhu formou komiksu nebo kn\u00ed\u017eky.<\/p>\n\n\n\n<p>P\u0159\u00edb\u011bhov\u00fd p\u0159\u00edm\u011b\u0161\u0165\u00e1k povedou op\u011bt <a href=\"https:\/\/www.kaminkovalenka.cz\/\" data-type=\"link\" data-id=\"https:\/\/www.kaminkovalenka.cz\/\" target=\"_blank\" rel=\"noopener\"><mark style=\"background-color:rgba(0, 0, 0, 0)\" class=\"has-inline-color has-pale-pink-color\"><strong>MgA. Lenka Kam\u00ednkov\u00e1<\/strong><\/mark><\/a> s&nbsp;<a href=\"https:\/\/atelierkrouzek.cz\/praha\/nas-tym\/#bara\"><strong><mark style=\"background-color:rgba(0, 0, 0, 0)\" class=\"has-inline-color has-pale-pink-color\">MgA. B\u00e1rou Pertlovou<\/mark><\/strong><\/a>.<\/p>\n\n\n\n<p class=\"has-pale-pink-color has-text-color has-link-color wp-elements-94b9779b30288ed879d094f7230197a1\"><strong><a href=\"https:\/\/www.instagram.com\/kami.kamishibai\/\" data-type=\"link\" data-id=\"https:\/\/www.instagram.com\/kami.kamishibai\/\" target=\"_blank\" rel=\"noopener\"><mark style=\"background-color:rgba(0, 0, 0, 0)\" class=\"has-inline-color has-pale-pink-color\">Kami.kamishibai<\/mark><\/a><\/strong><\/p>\n<\/div><\/div>\n\n\n\n<div style=\"height:30px\" aria-hidden=\"true\" class=\"wp-block-spacer\"><\/div>\n\n\n<ul class=\"filebird-block-filebird-gallery layout-grid columns-5 is-cropped\" style=\"--columns: 5;--space: 12px;--min-width: 0px;\"><li class=\"blocks-gallery-item\"><figure><img loading=\"lazy\" decoding=\"async\" width=\"1200\" height=\"1600\" src=\"https:\/\/atelierkrouzek.cz\/praha\/wp-content\/uploads\/sites\/4\/2026\/02\/Vytvarny-primestsky-tabor-pribehovy-01.jpeg\" alt=\"\" class=\"wp-image-5966\" srcset=\"https:\/\/atelierkrouzek.cz\/praha\/wp-content\/uploads\/sites\/4\/2026\/02\/Vytvarny-primestsky-tabor-pribehovy-01.jpeg 1200w, https:\/\/atelierkrouzek.cz\/praha\/wp-content\/uploads\/sites\/4\/2026\/02\/Vytvarny-primestsky-tabor-pribehovy-01-225x300.jpeg 225w, https:\/\/atelierkrouzek.cz\/praha\/wp-content\/uploads\/sites\/4\/2026\/02\/Vytvarny-primestsky-tabor-pribehovy-01-768x1024.jpeg 768w, https:\/\/atelierkrouzek.cz\/praha\/wp-content\/uploads\/sites\/4\/2026\/02\/Vytvarny-primestsky-tabor-pribehovy-01-1152x1536.jpeg 1152w\" sizes=\"(max-width: 1200px) 100vw, 1200px\" \/><\/figure><\/li><li class=\"blocks-gallery-item\"><figure><img loading=\"lazy\" decoding=\"async\" width=\"1600\" height=\"1200\" src=\"https:\/\/atelierkrouzek.cz\/praha\/wp-content\/uploads\/sites\/4\/2026\/02\/Vytvarny-primestsky-tabor-pribehovy-02.jpeg\" alt=\"\" class=\"wp-image-5967\" srcset=\"https:\/\/atelierkrouzek.cz\/praha\/wp-content\/uploads\/sites\/4\/2026\/02\/Vytvarny-primestsky-tabor-pribehovy-02.jpeg 1600w, https:\/\/atelierkrouzek.cz\/praha\/wp-content\/uploads\/sites\/4\/2026\/02\/Vytvarny-primestsky-tabor-pribehovy-02-300x225.jpeg 300w, https:\/\/atelierkrouzek.cz\/praha\/wp-content\/uploads\/sites\/4\/2026\/02\/Vytvarny-primestsky-tabor-pribehovy-02-1024x768.jpeg 1024w, https:\/\/atelierkrouzek.cz\/praha\/wp-content\/uploads\/sites\/4\/2026\/02\/Vytvarny-primestsky-tabor-pribehovy-02-768x576.jpeg 768w, https:\/\/atelierkrouzek.cz\/praha\/wp-content\/uploads\/sites\/4\/2026\/02\/Vytvarny-primestsky-tabor-pribehovy-02-1536x1152.jpeg 1536w\" sizes=\"(max-width: 1600px) 100vw, 1600px\" \/><\/figure><\/li><li class=\"blocks-gallery-item\"><figure><img loading=\"lazy\" decoding=\"async\" width=\"1600\" height=\"1200\" src=\"https:\/\/atelierkrouzek.cz\/praha\/wp-content\/uploads\/sites\/4\/2026\/02\/Vytvarny-primestsky-tabor-pribehovy-03.jpeg\" alt=\"\" class=\"wp-image-5968\" srcset=\"https:\/\/atelierkrouzek.cz\/praha\/wp-content\/uploads\/sites\/4\/2026\/02\/Vytvarny-primestsky-tabor-pribehovy-03.jpeg 1600w, https:\/\/atelierkrouzek.cz\/praha\/wp-content\/uploads\/sites\/4\/2026\/02\/Vytvarny-primestsky-tabor-pribehovy-03-300x225.jpeg 300w, https:\/\/atelierkrouzek.cz\/praha\/wp-content\/uploads\/sites\/4\/2026\/02\/Vytvarny-primestsky-tabor-pribehovy-03-1024x768.jpeg 1024w, https:\/\/atelierkrouzek.cz\/praha\/wp-content\/uploads\/sites\/4\/2026\/02\/Vytvarny-primestsky-tabor-pribehovy-03-768x576.jpeg 768w, https:\/\/atelierkrouzek.cz\/praha\/wp-content\/uploads\/sites\/4\/2026\/02\/Vytvarny-primestsky-tabor-pribehovy-03-1536x1152.jpeg 1536w\" sizes=\"(max-width: 1600px) 100vw, 1600px\" \/><\/figure><\/li><li class=\"blocks-gallery-item\"><figure><img loading=\"lazy\" decoding=\"async\" width=\"1200\" height=\"1600\" src=\"https:\/\/atelierkrouzek.cz\/praha\/wp-content\/uploads\/sites\/4\/2026\/02\/Vytvarny-primestsky-tabor-pribehovy-04.jpeg\" alt=\"\" class=\"wp-image-5969\" srcset=\"https:\/\/atelierkrouzek.cz\/praha\/wp-content\/uploads\/sites\/4\/2026\/02\/Vytvarny-primestsky-tabor-pribehovy-04.jpeg 1200w, https:\/\/atelierkrouzek.cz\/praha\/wp-content\/uploads\/sites\/4\/2026\/02\/Vytvarny-primestsky-tabor-pribehovy-04-225x300.jpeg 225w, https:\/\/atelierkrouzek.cz\/praha\/wp-content\/uploads\/sites\/4\/2026\/02\/Vytvarny-primestsky-tabor-pribehovy-04-768x1024.jpeg 768w, https:\/\/atelierkrouzek.cz\/praha\/wp-content\/uploads\/sites\/4\/2026\/02\/Vytvarny-primestsky-tabor-pribehovy-04-1152x1536.jpeg 1152w\" sizes=\"(max-width: 1200px) 100vw, 1200px\" \/><\/figure><\/li><li class=\"blocks-gallery-item\"><figure><img loading=\"lazy\" decoding=\"async\" width=\"1200\" height=\"1600\" src=\"https:\/\/atelierkrouzek.cz\/praha\/wp-content\/uploads\/sites\/4\/2026\/02\/Vytvarny-primestsky-tabor-pribehovy-05.jpeg\" alt=\"\" class=\"wp-image-5970\" srcset=\"https:\/\/atelierkrouzek.cz\/praha\/wp-content\/uploads\/sites\/4\/2026\/02\/Vytvarny-primestsky-tabor-pribehovy-05.jpeg 1200w, https:\/\/atelierkrouzek.cz\/praha\/wp-content\/uploads\/sites\/4\/2026\/02\/Vytvarny-primestsky-tabor-pribehovy-05-225x300.jpeg 225w, https:\/\/atelierkrouzek.cz\/praha\/wp-content\/uploads\/sites\/4\/2026\/02\/Vytvarny-primestsky-tabor-pribehovy-05-768x1024.jpeg 768w, https:\/\/atelierkrouzek.cz\/praha\/wp-content\/uploads\/sites\/4\/2026\/02\/Vytvarny-primestsky-tabor-pribehovy-05-1152x1536.jpeg 1152w\" sizes=\"(max-width: 1200px) 100vw, 1200px\" \/><\/figure><\/li><li class=\"blocks-gallery-item\"><figure><img loading=\"lazy\" decoding=\"async\" width=\"1500\" height=\"2000\" src=\"https:\/\/atelierkrouzek.cz\/praha\/wp-content\/uploads\/sites\/4\/2026\/02\/Vytvarny-primestsky-tabor-pribehovy-07.jpeg\" alt=\"\" class=\"wp-image-5972\" srcset=\"https:\/\/atelierkrouzek.cz\/praha\/wp-content\/uploads\/sites\/4\/2026\/02\/Vytvarny-primestsky-tabor-pribehovy-07.jpeg 1500w, https:\/\/atelierkrouzek.cz\/praha\/wp-content\/uploads\/sites\/4\/2026\/02\/Vytvarny-primestsky-tabor-pribehovy-07-225x300.jpeg 225w, https:\/\/atelierkrouzek.cz\/praha\/wp-content\/uploads\/sites\/4\/2026\/02\/Vytvarny-primestsky-tabor-pribehovy-07-768x1024.jpeg 768w, https:\/\/atelierkrouzek.cz\/praha\/wp-content\/uploads\/sites\/4\/2026\/02\/Vytvarny-primestsky-tabor-pribehovy-07-1152x1536.jpeg 1152w\" sizes=\"(max-width: 1500px) 100vw, 1500px\" \/><\/figure><\/li><li class=\"blocks-gallery-item\"><figure><img loading=\"lazy\" decoding=\"async\" width=\"1600\" height=\"1200\" src=\"https:\/\/atelierkrouzek.cz\/praha\/wp-content\/uploads\/sites\/4\/2026\/02\/Vytvarny-primestsky-tabor-pribehovy-08.jpeg\" alt=\"\" class=\"wp-image-5973\" srcset=\"https:\/\/atelierkrouzek.cz\/praha\/wp-content\/uploads\/sites\/4\/2026\/02\/Vytvarny-primestsky-tabor-pribehovy-08.jpeg 1600w, https:\/\/atelierkrouzek.cz\/praha\/wp-content\/uploads\/sites\/4\/2026\/02\/Vytvarny-primestsky-tabor-pribehovy-08-300x225.jpeg 300w, https:\/\/atelierkrouzek.cz\/praha\/wp-content\/uploads\/sites\/4\/2026\/02\/Vytvarny-primestsky-tabor-pribehovy-08-1024x768.jpeg 1024w, https:\/\/atelierkrouzek.cz\/praha\/wp-content\/uploads\/sites\/4\/2026\/02\/Vytvarny-primestsky-tabor-pribehovy-08-768x576.jpeg 768w, https:\/\/atelierkrouzek.cz\/praha\/wp-content\/uploads\/sites\/4\/2026\/02\/Vytvarny-primestsky-tabor-pribehovy-08-1536x1152.jpeg 1536w\" sizes=\"(max-width: 1600px) 100vw, 1600px\" \/><\/figure><\/li><li class=\"blocks-gallery-item\"><figure><img loading=\"lazy\" decoding=\"async\" width=\"1200\" height=\"1600\" src=\"https:\/\/atelierkrouzek.cz\/praha\/wp-content\/uploads\/sites\/4\/2026\/02\/Vytvarny-primestsky-tabor-pribehovy-09.jpeg\" alt=\"\" class=\"wp-image-5974\" srcset=\"https:\/\/atelierkrouzek.cz\/praha\/wp-content\/uploads\/sites\/4\/2026\/02\/Vytvarny-primestsky-tabor-pribehovy-09.jpeg 1200w, https:\/\/atelierkrouzek.cz\/praha\/wp-content\/uploads\/sites\/4\/2026\/02\/Vytvarny-primestsky-tabor-pribehovy-09-225x300.jpeg 225w, https:\/\/atelierkrouzek.cz\/praha\/wp-content\/uploads\/sites\/4\/2026\/02\/Vytvarny-primestsky-tabor-pribehovy-09-768x1024.jpeg 768w, https:\/\/atelierkrouzek.cz\/praha\/wp-content\/uploads\/sites\/4\/2026\/02\/Vytvarny-primestsky-tabor-pribehovy-09-1152x1536.jpeg 1152w\" sizes=\"(max-width: 1200px) 100vw, 1200px\" \/><\/figure><\/li><li class=\"blocks-gallery-item\"><figure><img loading=\"lazy\" decoding=\"async\" width=\"1200\" height=\"1600\" src=\"https:\/\/atelierkrouzek.cz\/praha\/wp-content\/uploads\/sites\/4\/2026\/02\/Vytvarny-primestsky-tabor-pribehovy-10.jpeg\" alt=\"\" class=\"wp-image-5975\" srcset=\"https:\/\/atelierkrouzek.cz\/praha\/wp-content\/uploads\/sites\/4\/2026\/02\/Vytvarny-primestsky-tabor-pribehovy-10.jpeg 1200w, https:\/\/atelierkrouzek.cz\/praha\/wp-content\/uploads\/sites\/4\/2026\/02\/Vytvarny-primestsky-tabor-pribehovy-10-225x300.jpeg 225w, https:\/\/atelierkrouzek.cz\/praha\/wp-content\/uploads\/sites\/4\/2026\/02\/Vytvarny-primestsky-tabor-pribehovy-10-768x1024.jpeg 768w, https:\/\/atelierkrouzek.cz\/praha\/wp-content\/uploads\/sites\/4\/2026\/02\/Vytvarny-primestsky-tabor-pribehovy-10-1152x1536.jpeg 1152w\" sizes=\"(max-width: 1200px) 100vw, 1200px\" \/><\/figure><\/li><li class=\"blocks-gallery-item\"><figure><img loading=\"lazy\" decoding=\"async\" width=\"1200\" height=\"1600\" src=\"https:\/\/atelierkrouzek.cz\/praha\/wp-content\/uploads\/sites\/4\/2026\/02\/Vytvarny-primestsky-tabor-pribehovy-11.jpeg\" alt=\"\" class=\"wp-image-5976\" srcset=\"https:\/\/atelierkrouzek.cz\/praha\/wp-content\/uploads\/sites\/4\/2026\/02\/Vytvarny-primestsky-tabor-pribehovy-11.jpeg 1200w, https:\/\/atelierkrouzek.cz\/praha\/wp-content\/uploads\/sites\/4\/2026\/02\/Vytvarny-primestsky-tabor-pribehovy-11-225x300.jpeg 225w, https:\/\/atelierkrouzek.cz\/praha\/wp-content\/uploads\/sites\/4\/2026\/02\/Vytvarny-primestsky-tabor-pribehovy-11-768x1024.jpeg 768w, https:\/\/atelierkrouzek.cz\/praha\/wp-content\/uploads\/sites\/4\/2026\/02\/Vytvarny-primestsky-tabor-pribehovy-11-1152x1536.jpeg 1152w\" sizes=\"(max-width: 1200px) 100vw, 1200px\" \/><\/figure><\/li><li class=\"blocks-gallery-item\"><figure><img loading=\"lazy\" decoding=\"async\" width=\"1200\" height=\"1600\" src=\"https:\/\/atelierkrouzek.cz\/praha\/wp-content\/uploads\/sites\/4\/2026\/02\/Vytvarny-primestsky-tabor-pribehovy-12.jpeg\" alt=\"\" class=\"wp-image-5977\" srcset=\"https:\/\/atelierkrouzek.cz\/praha\/wp-content\/uploads\/sites\/4\/2026\/02\/Vytvarny-primestsky-tabor-pribehovy-12.jpeg 1200w, https:\/\/atelierkrouzek.cz\/praha\/wp-content\/uploads\/sites\/4\/2026\/02\/Vytvarny-primestsky-tabor-pribehovy-12-225x300.jpeg 225w, https:\/\/atelierkrouzek.cz\/praha\/wp-content\/uploads\/sites\/4\/2026\/02\/Vytvarny-primestsky-tabor-pribehovy-12-768x1024.jpeg 768w, https:\/\/atelierkrouzek.cz\/praha\/wp-content\/uploads\/sites\/4\/2026\/02\/Vytvarny-primestsky-tabor-pribehovy-12-1152x1536.jpeg 1152w\" sizes=\"(max-width: 1200px) 100vw, 1200px\" \/><\/figure><\/li><li class=\"blocks-gallery-item\"><figure><img loading=\"lazy\" decoding=\"async\" width=\"1500\" height=\"2000\" src=\"https:\/\/atelierkrouzek.cz\/praha\/wp-content\/uploads\/sites\/4\/2026\/02\/Vytvarny-primestsky-tabor-pribehovy-13.jpeg\" alt=\"\" class=\"wp-image-5978\" srcset=\"https:\/\/atelierkrouzek.cz\/praha\/wp-content\/uploads\/sites\/4\/2026\/02\/Vytvarny-primestsky-tabor-pribehovy-13.jpeg 1500w, https:\/\/atelierkrouzek.cz\/praha\/wp-content\/uploads\/sites\/4\/2026\/02\/Vytvarny-primestsky-tabor-pribehovy-13-225x300.jpeg 225w, https:\/\/atelierkrouzek.cz\/praha\/wp-content\/uploads\/sites\/4\/2026\/02\/Vytvarny-primestsky-tabor-pribehovy-13-768x1024.jpeg 768w, https:\/\/atelierkrouzek.cz\/praha\/wp-content\/uploads\/sites\/4\/2026\/02\/Vytvarny-primestsky-tabor-pribehovy-13-1152x1536.jpeg 1152w\" sizes=\"(max-width: 1500px) 100vw, 1500px\" \/><\/figure><\/li><li class=\"blocks-gallery-item\"><figure><img loading=\"lazy\" decoding=\"async\" width=\"1200\" height=\"1600\" src=\"https:\/\/atelierkrouzek.cz\/praha\/wp-content\/uploads\/sites\/4\/2026\/02\/Vytvarny-primestsky-tabor-pribehovy-14.jpeg\" alt=\"\" class=\"wp-image-5979\" srcset=\"https:\/\/atelierkrouzek.cz\/praha\/wp-content\/uploads\/sites\/4\/2026\/02\/Vytvarny-primestsky-tabor-pribehovy-14.jpeg 1200w, https:\/\/atelierkrouzek.cz\/praha\/wp-content\/uploads\/sites\/4\/2026\/02\/Vytvarny-primestsky-tabor-pribehovy-14-225x300.jpeg 225w, https:\/\/atelierkrouzek.cz\/praha\/wp-content\/uploads\/sites\/4\/2026\/02\/Vytvarny-primestsky-tabor-pribehovy-14-768x1024.jpeg 768w, https:\/\/atelierkrouzek.cz\/praha\/wp-content\/uploads\/sites\/4\/2026\/02\/Vytvarny-primestsky-tabor-pribehovy-14-1152x1536.jpeg 1152w\" sizes=\"(max-width: 1200px) 100vw, 1200px\" \/><\/figure><\/li><li class=\"blocks-gallery-item\"><figure><img loading=\"lazy\" decoding=\"async\" width=\"1600\" height=\"1200\" src=\"https:\/\/atelierkrouzek.cz\/praha\/wp-content\/uploads\/sites\/4\/2026\/02\/Vytvarny-primestsky-tabor-pribehovy-15.jpeg\" alt=\"\" class=\"wp-image-5980\" srcset=\"https:\/\/atelierkrouzek.cz\/praha\/wp-content\/uploads\/sites\/4\/2026\/02\/Vytvarny-primestsky-tabor-pribehovy-15.jpeg 1600w, https:\/\/atelierkrouzek.cz\/praha\/wp-content\/uploads\/sites\/4\/2026\/02\/Vytvarny-primestsky-tabor-pribehovy-15-300x225.jpeg 300w, https:\/\/atelierkrouzek.cz\/praha\/wp-content\/uploads\/sites\/4\/2026\/02\/Vytvarny-primestsky-tabor-pribehovy-15-1024x768.jpeg 1024w, https:\/\/atelierkrouzek.cz\/praha\/wp-content\/uploads\/sites\/4\/2026\/02\/Vytvarny-primestsky-tabor-pribehovy-15-768x576.jpeg 768w, https:\/\/atelierkrouzek.cz\/praha\/wp-content\/uploads\/sites\/4\/2026\/02\/Vytvarny-primestsky-tabor-pribehovy-15-1536x1152.jpeg 1536w\" sizes=\"(max-width: 1600px) 100vw, 1600px\" \/><\/figure><\/li><li class=\"blocks-gallery-item\"><figure><img loading=\"lazy\" decoding=\"async\" width=\"1500\" height=\"2000\" src=\"https:\/\/atelierkrouzek.cz\/praha\/wp-content\/uploads\/sites\/4\/2026\/02\/Vytvarny-primestsky-tabor-pribehovy-16.jpeg\" alt=\"\" class=\"wp-image-5981\" srcset=\"https:\/\/atelierkrouzek.cz\/praha\/wp-content\/uploads\/sites\/4\/2026\/02\/Vytvarny-primestsky-tabor-pribehovy-16.jpeg 1500w, https:\/\/atelierkrouzek.cz\/praha\/wp-content\/uploads\/sites\/4\/2026\/02\/Vytvarny-primestsky-tabor-pribehovy-16-225x300.jpeg 225w, https:\/\/atelierkrouzek.cz\/praha\/wp-content\/uploads\/sites\/4\/2026\/02\/Vytvarny-primestsky-tabor-pribehovy-16-768x1024.jpeg 768w, https:\/\/atelierkrouzek.cz\/praha\/wp-content\/uploads\/sites\/4\/2026\/02\/Vytvarny-primestsky-tabor-pribehovy-16-1152x1536.jpeg 1152w\" sizes=\"(max-width: 1500px) 100vw, 1500px\" \/><\/figure><\/li><\/ul>\n\n\n<div style=\"height:30px\" aria-hidden=\"true\" id=\"Vyletovy\" class=\"wp-block-spacer\"><\/div>\n\n\n\n<hr class=\"wp-block-separator has-alpha-channel-opacity\"\/>\n\n\n\n<div style=\"height:15px\" aria-hidden=\"true\" class=\"wp-block-spacer\"><\/div>\n\n\n\n<div class=\"wp-block-media-text is-stacked-on-mobile\" style=\"grid-template-columns:33% auto\"><figure class=\"wp-block-media-text__media\"><img loading=\"lazy\" decoding=\"async\" width=\"600\" height=\"660\" src=\"https:\/\/atelierkrouzek.cz\/praha\/wp-content\/uploads\/sites\/4\/2026\/02\/Primestak_Vyletovy.jpg\" alt=\"\" class=\"wp-image-5880 size-full\" srcset=\"https:\/\/atelierkrouzek.cz\/praha\/wp-content\/uploads\/sites\/4\/2026\/02\/Primestak_Vyletovy.jpg 600w, https:\/\/atelierkrouzek.cz\/praha\/wp-content\/uploads\/sites\/4\/2026\/02\/Primestak_Vyletovy-273x300.jpg 273w\" sizes=\"(max-width: 600px) 100vw, 600px\" \/><\/figure><div class=\"wp-block-media-text__content\">\n<h2 class=\"wp-block-heading\">V\u00fdlety a tvorba v&nbsp;plen\u00e9ru<\/h2>\n\n\n\n<p>Tento typ p\u0159\u00edm\u011b\u0161\u0165\u00e1ku (pro velk\u00fd \u00fasp\u011bch :-)) opakujeme ji\u017e n\u011bkolik\u00e1t\u00fd rok. Av\u0161ak v\u00fdtvarn\u00e1 n\u00e1pl\u0148 a v\u00fdlety b\u00fdvaj\u00ed pl\u00e1nov\u00e1ny ka\u017ed\u00fd rok zase nov\u011b a tak m\u016f\u017eete d\u011bti hl\u00e1sit opakovan\u011b a v\u017edy za\u017eij\u00ed&nbsp;<strong>nov\u00e9 z\u00e1\u017eitky!&nbsp;<\/strong><\/p>\n\n\n\n<p>Pokud je k&nbsp;tomu p\u0159\u00edzniv\u00e9 po\u010das\u00ed, tak netr\u00e1v\u00edme dny jen tvorbou v&nbsp;ateli\u00e9ru, ale tak\u00e9 v&nbsp;p\u0159\u00edrod\u011b. D\u011bti tak s&nbsp;n\u00e1mi mohou pro\u017e\u00edt t\u00fdden v\u00fdlet\u016f, kde budou&nbsp;<strong>v pohybu<\/strong>&nbsp;a p\u0159itom se budou v\u011bnovat sv\u00e9mu kon\u00ed\u010dku \u2013 v\u00fdtvarce!<\/p>\n\n\n\n<p>Konkr\u00e9tn\u011b m\u00e1me v&nbsp;pl\u00e1nu vyrazit cca 3\u20134\u00d7 na&nbsp;<strong>celodenn\u00ed v\u00fdlet<\/strong>, kde m\u016f\u017eeme tvo\u0159it v&nbsp;kr\u00e1sn\u00e9m prost\u0159ed\u00ed&nbsp;na \u010derstv\u00e9m vzduchu tedy&nbsp;<strong>v plen\u00e9ru<\/strong>.&nbsp;Na v\u00fdletech&nbsp;m\u016f\u017eeme v\u00edce pracovat s&nbsp;opravdovou p\u0159\u00edrodou, proto se tam v\u011bnujeme nap\u0159\u00edklad&nbsp;<strong>land artu a p\u0159\u00edrodou se hodn\u011b inspirujeme<\/strong>.<\/p>\n\n\n\n<p>Ostatn\u00ed dny budeme tvo\u0159it v&nbsp;ateli\u00e9ru a<strong>&nbsp;na z\u00e1v\u011br p\u0159iprav\u00edme v&nbsp;ateli\u00e9ru v\u00fdstavu,&nbsp;<\/strong>na kterou si mohou d\u011bti pozvat koho cht\u011bj\u00ed.<\/p>\n\n\n\n<p><em>V nep\u0159\u00edzniv\u00e9m po\u010das\u00ed je n\u00e1\u0161&nbsp;<strong>pl\u00e1n B \u2013 tvorba v&nbsp;ateli\u00e9ru<\/strong>&nbsp;a ven vyraz\u00edme jen na men\u0161\u00ed proch\u00e1zky do okoln\u00edch park\u016f nebo&nbsp;<strong>do galerie na v\u00fdstavu<\/strong>.<\/em><\/p>\n\n\n\n<p>Program je vhodn\u00fd jak pro za\u010d\u00e1te\u010dn\u00edky tak i pokro\u010dil\u00e9 d\u011bti ve v\u011bku 8\u201315 let.<\/p>\n\n\n\n<p>V\u00fdletov\u00fd&nbsp;p\u0159\u00edm\u011b\u0161\u0165\u00e1k v&nbsp;\u010dervencov\u00e9m term\u00ednu povedou <a href=\"https:\/\/atelierkrouzek.cz\/praha\/nas-tym\/#bara\"><strong><mark style=\"background-color:rgba(0, 0, 0, 0)\" class=\"has-inline-color has-pale-pink-color\">MgA. B\u00e1ra Pertlov\u00e1<\/mark><\/strong><\/a> s&nbsp;<strong><a href=\"https:\/\/atelierkrouzek.cz\/praha\/nas-tym\/#jantra\"><mark style=\"background-color:rgba(0, 0, 0, 0)\" class=\"has-inline-color has-pale-pink-color\">MgA. Jantrou \u0160\u00edmovou<\/mark><\/a><\/strong> a v&nbsp;srpnov\u00e9m <a href=\"https:\/\/atelierkrouzek.cz\/praha\/nas-tym\/#magda\"><strong><mark style=\"background-color:rgba(0, 0, 0, 0)\" class=\"has-inline-color has-pale-pink-color\">BcA. Magdal\u00e9na Pac\u00e1kov\u00e1<\/mark><\/strong><\/a> s&nbsp;<strong><a href=\"https:\/\/atelierkrouzek.cz\/praha\/nas-tym\/#jantra\"><mark style=\"background-color:rgba(0, 0, 0, 0)\" class=\"has-inline-color has-pale-pink-color\">MgA. Jantrou \u0160\u00edmovou<\/mark><\/a><\/strong>.<\/p>\n\n\n\n<p><a href=\"https:\/\/www.instagram.com\/stories\/highlights\/17853411477521174\/\" data-type=\"link\" data-id=\"https:\/\/www.instagram.com\/stories\/highlights\/17853411477521174\/\" target=\"_blank\" rel=\"noopener\"><mark style=\"background-color:rgba(0, 0, 0, 0)\" class=\"has-inline-color has-pale-pink-color\"><strong>Uk\u00e1zka z&nbsp;lo\u0148sk\u00e9ho ro\u010dn\u00edku<\/strong><\/mark><\/a><\/p>\n<\/div><\/div>\n\n\n\n<div style=\"height:30px\" aria-hidden=\"true\" class=\"wp-block-spacer\"><\/div>\n\n\n<ul class=\"filebird-block-filebird-gallery layout-grid \/* Hide Gallery Image Title in Lightbox *\/ .mfp-title {     display: none; } columns-5 is-cropped\" style=\"--columns: 5;--space: 0px;--min-width: 0px;\"><li class=\"blocks-gallery-item\"><figure><img loading=\"lazy\" decoding=\"async\" width=\"1536\" height=\"2048\" src=\"https:\/\/atelierkrouzek.cz\/praha\/wp-content\/uploads\/sites\/4\/2026\/02\/Vytvarny-primestsky-tabor-vyletovy-01.jpeg\" alt=\"\" class=\"wp-image-5983\" srcset=\"https:\/\/atelierkrouzek.cz\/praha\/wp-content\/uploads\/sites\/4\/2026\/02\/Vytvarny-primestsky-tabor-vyletovy-01.jpeg 1536w, https:\/\/atelierkrouzek.cz\/praha\/wp-content\/uploads\/sites\/4\/2026\/02\/Vytvarny-primestsky-tabor-vyletovy-01-225x300.jpeg 225w, https:\/\/atelierkrouzek.cz\/praha\/wp-content\/uploads\/sites\/4\/2026\/02\/Vytvarny-primestsky-tabor-vyletovy-01-768x1024.jpeg 768w, https:\/\/atelierkrouzek.cz\/praha\/wp-content\/uploads\/sites\/4\/2026\/02\/Vytvarny-primestsky-tabor-vyletovy-01-1152x1536.jpeg 1152w\" sizes=\"(max-width: 1536px) 100vw, 1536px\" \/><\/figure><\/li><li class=\"blocks-gallery-item\"><figure><img loading=\"lazy\" decoding=\"async\" width=\"1536\" height=\"2048\" src=\"https:\/\/atelierkrouzek.cz\/praha\/wp-content\/uploads\/sites\/4\/2026\/02\/Vytvarny-primestsky-tabor-vyletovy-02.jpeg\" alt=\"\" class=\"wp-image-5984\" srcset=\"https:\/\/atelierkrouzek.cz\/praha\/wp-content\/uploads\/sites\/4\/2026\/02\/Vytvarny-primestsky-tabor-vyletovy-02.jpeg 1536w, https:\/\/atelierkrouzek.cz\/praha\/wp-content\/uploads\/sites\/4\/2026\/02\/Vytvarny-primestsky-tabor-vyletovy-02-225x300.jpeg 225w, https:\/\/atelierkrouzek.cz\/praha\/wp-content\/uploads\/sites\/4\/2026\/02\/Vytvarny-primestsky-tabor-vyletovy-02-768x1024.jpeg 768w, https:\/\/atelierkrouzek.cz\/praha\/wp-content\/uploads\/sites\/4\/2026\/02\/Vytvarny-primestsky-tabor-vyletovy-02-1152x1536.jpeg 1152w\" sizes=\"(max-width: 1536px) 100vw, 1536px\" \/><\/figure><\/li><li class=\"blocks-gallery-item\"><figure><img loading=\"lazy\" decoding=\"async\" width=\"1536\" height=\"2048\" src=\"https:\/\/atelierkrouzek.cz\/praha\/wp-content\/uploads\/sites\/4\/2026\/02\/Vytvarny-primestsky-tabor-vyletovy-03.jpeg\" alt=\"\" class=\"wp-image-5985\" srcset=\"https:\/\/atelierkrouzek.cz\/praha\/wp-content\/uploads\/sites\/4\/2026\/02\/Vytvarny-primestsky-tabor-vyletovy-03.jpeg 1536w, https:\/\/atelierkrouzek.cz\/praha\/wp-content\/uploads\/sites\/4\/2026\/02\/Vytvarny-primestsky-tabor-vyletovy-03-225x300.jpeg 225w, https:\/\/atelierkrouzek.cz\/praha\/wp-content\/uploads\/sites\/4\/2026\/02\/Vytvarny-primestsky-tabor-vyletovy-03-768x1024.jpeg 768w, https:\/\/atelierkrouzek.cz\/praha\/wp-content\/uploads\/sites\/4\/2026\/02\/Vytvarny-primestsky-tabor-vyletovy-03-1152x1536.jpeg 1152w\" sizes=\"(max-width: 1536px) 100vw, 1536px\" \/><\/figure><\/li><li class=\"blocks-gallery-item\"><figure><img loading=\"lazy\" decoding=\"async\" width=\"1536\" height=\"2048\" src=\"https:\/\/atelierkrouzek.cz\/praha\/wp-content\/uploads\/sites\/4\/2026\/02\/Vytvarny-primestsky-tabor-vyletovy-04.jpeg\" alt=\"\" class=\"wp-image-5986\" srcset=\"https:\/\/atelierkrouzek.cz\/praha\/wp-content\/uploads\/sites\/4\/2026\/02\/Vytvarny-primestsky-tabor-vyletovy-04.jpeg 1536w, https:\/\/atelierkrouzek.cz\/praha\/wp-content\/uploads\/sites\/4\/2026\/02\/Vytvarny-primestsky-tabor-vyletovy-04-225x300.jpeg 225w, https:\/\/atelierkrouzek.cz\/praha\/wp-content\/uploads\/sites\/4\/2026\/02\/Vytvarny-primestsky-tabor-vyletovy-04-768x1024.jpeg 768w, https:\/\/atelierkrouzek.cz\/praha\/wp-content\/uploads\/sites\/4\/2026\/02\/Vytvarny-primestsky-tabor-vyletovy-04-1152x1536.jpeg 1152w\" sizes=\"(max-width: 1536px) 100vw, 1536px\" \/><\/figure><\/li><li class=\"blocks-gallery-item\"><figure><img loading=\"lazy\" decoding=\"async\" width=\"1536\" height=\"2048\" src=\"https:\/\/atelierkrouzek.cz\/praha\/wp-content\/uploads\/sites\/4\/2026\/02\/Vytvarny-primestsky-tabor-vyletovy-05.jpeg\" alt=\"\" class=\"wp-image-5987\" srcset=\"https:\/\/atelierkrouzek.cz\/praha\/wp-content\/uploads\/sites\/4\/2026\/02\/Vytvarny-primestsky-tabor-vyletovy-05.jpeg 1536w, https:\/\/atelierkrouzek.cz\/praha\/wp-content\/uploads\/sites\/4\/2026\/02\/Vytvarny-primestsky-tabor-vyletovy-05-225x300.jpeg 225w, https:\/\/atelierkrouzek.cz\/praha\/wp-content\/uploads\/sites\/4\/2026\/02\/Vytvarny-primestsky-tabor-vyletovy-05-768x1024.jpeg 768w, https:\/\/atelierkrouzek.cz\/praha\/wp-content\/uploads\/sites\/4\/2026\/02\/Vytvarny-primestsky-tabor-vyletovy-05-1152x1536.jpeg 1152w\" sizes=\"(max-width: 1536px) 100vw, 1536px\" \/><\/figure><\/li><li class=\"blocks-gallery-item\"><figure><img loading=\"lazy\" decoding=\"async\" width=\"2048\" height=\"1536\" src=\"https:\/\/atelierkrouzek.cz\/praha\/wp-content\/uploads\/sites\/4\/2026\/02\/Vytvarny-primestsky-tabor-vyletovy-06.jpeg\" alt=\"\" class=\"wp-image-5988\" srcset=\"https:\/\/atelierkrouzek.cz\/praha\/wp-content\/uploads\/sites\/4\/2026\/02\/Vytvarny-primestsky-tabor-vyletovy-06.jpeg 2048w, https:\/\/atelierkrouzek.cz\/praha\/wp-content\/uploads\/sites\/4\/2026\/02\/Vytvarny-primestsky-tabor-vyletovy-06-300x225.jpeg 300w, https:\/\/atelierkrouzek.cz\/praha\/wp-content\/uploads\/sites\/4\/2026\/02\/Vytvarny-primestsky-tabor-vyletovy-06-1024x768.jpeg 1024w, https:\/\/atelierkrouzek.cz\/praha\/wp-content\/uploads\/sites\/4\/2026\/02\/Vytvarny-primestsky-tabor-vyletovy-06-768x576.jpeg 768w, https:\/\/atelierkrouzek.cz\/praha\/wp-content\/uploads\/sites\/4\/2026\/02\/Vytvarny-primestsky-tabor-vyletovy-06-1536x1152.jpeg 1536w\" sizes=\"(max-width: 2048px) 100vw, 2048px\" \/><\/figure><\/li><li class=\"blocks-gallery-item\"><figure><img loading=\"lazy\" decoding=\"async\" width=\"1536\" height=\"2048\" src=\"https:\/\/atelierkrouzek.cz\/praha\/wp-content\/uploads\/sites\/4\/2026\/02\/Vytvarny-primestsky-tabor-vyletovy-07.jpeg\" alt=\"\" class=\"wp-image-5989\" srcset=\"https:\/\/atelierkrouzek.cz\/praha\/wp-content\/uploads\/sites\/4\/2026\/02\/Vytvarny-primestsky-tabor-vyletovy-07.jpeg 1536w, https:\/\/atelierkrouzek.cz\/praha\/wp-content\/uploads\/sites\/4\/2026\/02\/Vytvarny-primestsky-tabor-vyletovy-07-225x300.jpeg 225w, https:\/\/atelierkrouzek.cz\/praha\/wp-content\/uploads\/sites\/4\/2026\/02\/Vytvarny-primestsky-tabor-vyletovy-07-768x1024.jpeg 768w, https:\/\/atelierkrouzek.cz\/praha\/wp-content\/uploads\/sites\/4\/2026\/02\/Vytvarny-primestsky-tabor-vyletovy-07-1152x1536.jpeg 1152w\" sizes=\"(max-width: 1536px) 100vw, 1536px\" \/><\/figure><\/li><li class=\"blocks-gallery-item\"><figure><img loading=\"lazy\" decoding=\"async\" width=\"1536\" height=\"2048\" src=\"https:\/\/atelierkrouzek.cz\/praha\/wp-content\/uploads\/sites\/4\/2026\/02\/Vytvarny-primestsky-tabor-vyletovy-08.jpeg\" alt=\"\" class=\"wp-image-5990\" srcset=\"https:\/\/atelierkrouzek.cz\/praha\/wp-content\/uploads\/sites\/4\/2026\/02\/Vytvarny-primestsky-tabor-vyletovy-08.jpeg 1536w, https:\/\/atelierkrouzek.cz\/praha\/wp-content\/uploads\/sites\/4\/2026\/02\/Vytvarny-primestsky-tabor-vyletovy-08-225x300.jpeg 225w, https:\/\/atelierkrouzek.cz\/praha\/wp-content\/uploads\/sites\/4\/2026\/02\/Vytvarny-primestsky-tabor-vyletovy-08-768x1024.jpeg 768w, https:\/\/atelierkrouzek.cz\/praha\/wp-content\/uploads\/sites\/4\/2026\/02\/Vytvarny-primestsky-tabor-vyletovy-08-1152x1536.jpeg 1152w\" sizes=\"(max-width: 1536px) 100vw, 1536px\" \/><\/figure><\/li><li class=\"blocks-gallery-item\"><figure><img loading=\"lazy\" decoding=\"async\" width=\"1536\" height=\"2048\" src=\"https:\/\/atelierkrouzek.cz\/praha\/wp-content\/uploads\/sites\/4\/2026\/02\/Vytvarny-primestsky-tabor-vyletovy-09.jpeg\" alt=\"\" class=\"wp-image-5991\" srcset=\"https:\/\/atelierkrouzek.cz\/praha\/wp-content\/uploads\/sites\/4\/2026\/02\/Vytvarny-primestsky-tabor-vyletovy-09.jpeg 1536w, https:\/\/atelierkrouzek.cz\/praha\/wp-content\/uploads\/sites\/4\/2026\/02\/Vytvarny-primestsky-tabor-vyletovy-09-225x300.jpeg 225w, https:\/\/atelierkrouzek.cz\/praha\/wp-content\/uploads\/sites\/4\/2026\/02\/Vytvarny-primestsky-tabor-vyletovy-09-768x1024.jpeg 768w, https:\/\/atelierkrouzek.cz\/praha\/wp-content\/uploads\/sites\/4\/2026\/02\/Vytvarny-primestsky-tabor-vyletovy-09-1152x1536.jpeg 1152w\" sizes=\"(max-width: 1536px) 100vw, 1536px\" \/><\/figure><\/li><li class=\"blocks-gallery-item\"><figure><img loading=\"lazy\" decoding=\"async\" width=\"1536\" height=\"2048\" src=\"https:\/\/atelierkrouzek.cz\/praha\/wp-content\/uploads\/sites\/4\/2026\/02\/Vytvarny-primestsky-tabor-vyletovy-10.jpeg\" alt=\"D\u011bti na v\u00fdtvarn\u00e9m p\u0159\u00edm\u011bstsk\u00e9m t\u00e1bo\u0159e v Prokopsk\u00e9m \u00fadol\u00ed\" class=\"wp-image-5992\" srcset=\"https:\/\/atelierkrouzek.cz\/praha\/wp-content\/uploads\/sites\/4\/2026\/02\/Vytvarny-primestsky-tabor-vyletovy-10.jpeg 1536w, https:\/\/atelierkrouzek.cz\/praha\/wp-content\/uploads\/sites\/4\/2026\/02\/Vytvarny-primestsky-tabor-vyletovy-10-225x300.jpeg 225w, https:\/\/atelierkrouzek.cz\/praha\/wp-content\/uploads\/sites\/4\/2026\/02\/Vytvarny-primestsky-tabor-vyletovy-10-768x1024.jpeg 768w, https:\/\/atelierkrouzek.cz\/praha\/wp-content\/uploads\/sites\/4\/2026\/02\/Vytvarny-primestsky-tabor-vyletovy-10-1152x1536.jpeg 1152w\" sizes=\"(max-width: 1536px) 100vw, 1536px\" \/><\/figure><\/li><li class=\"blocks-gallery-item\"><figure><img loading=\"lazy\" decoding=\"async\" width=\"1536\" height=\"2048\" src=\"https:\/\/atelierkrouzek.cz\/praha\/wp-content\/uploads\/sites\/4\/2026\/02\/Vytvarny-primestsky-tabor-vyletovy-11.jpeg\" alt=\"\" class=\"wp-image-5993\" srcset=\"https:\/\/atelierkrouzek.cz\/praha\/wp-content\/uploads\/sites\/4\/2026\/02\/Vytvarny-primestsky-tabor-vyletovy-11.jpeg 1536w, https:\/\/atelierkrouzek.cz\/praha\/wp-content\/uploads\/sites\/4\/2026\/02\/Vytvarny-primestsky-tabor-vyletovy-11-225x300.jpeg 225w, https:\/\/atelierkrouzek.cz\/praha\/wp-content\/uploads\/sites\/4\/2026\/02\/Vytvarny-primestsky-tabor-vyletovy-11-768x1024.jpeg 768w, https:\/\/atelierkrouzek.cz\/praha\/wp-content\/uploads\/sites\/4\/2026\/02\/Vytvarny-primestsky-tabor-vyletovy-11-1152x1536.jpeg 1152w\" sizes=\"(max-width: 1536px) 100vw, 1536px\" \/><\/figure><\/li><li class=\"blocks-gallery-item\"><figure><img loading=\"lazy\" decoding=\"async\" width=\"1536\" height=\"2048\" src=\"https:\/\/atelierkrouzek.cz\/praha\/wp-content\/uploads\/sites\/4\/2026\/02\/Vytvarny-primestsky-tabor-vyletovy-12.jpeg\" alt=\"\" class=\"wp-image-5994\" srcset=\"https:\/\/atelierkrouzek.cz\/praha\/wp-content\/uploads\/sites\/4\/2026\/02\/Vytvarny-primestsky-tabor-vyletovy-12.jpeg 1536w, https:\/\/atelierkrouzek.cz\/praha\/wp-content\/uploads\/sites\/4\/2026\/02\/Vytvarny-primestsky-tabor-vyletovy-12-225x300.jpeg 225w, https:\/\/atelierkrouzek.cz\/praha\/wp-content\/uploads\/sites\/4\/2026\/02\/Vytvarny-primestsky-tabor-vyletovy-12-768x1024.jpeg 768w, https:\/\/atelierkrouzek.cz\/praha\/wp-content\/uploads\/sites\/4\/2026\/02\/Vytvarny-primestsky-tabor-vyletovy-12-1152x1536.jpeg 1152w\" sizes=\"(max-width: 1536px) 100vw, 1536px\" \/><\/figure><\/li><li class=\"blocks-gallery-item\"><figure><img loading=\"lazy\" decoding=\"async\" width=\"1536\" height=\"2048\" src=\"https:\/\/atelierkrouzek.cz\/praha\/wp-content\/uploads\/sites\/4\/2026\/02\/Vytvarny-primestsky-tabor-vyletovy-13.jpeg\" alt=\"\" class=\"wp-image-5995\" srcset=\"https:\/\/atelierkrouzek.cz\/praha\/wp-content\/uploads\/sites\/4\/2026\/02\/Vytvarny-primestsky-tabor-vyletovy-13.jpeg 1536w, https:\/\/atelierkrouzek.cz\/praha\/wp-content\/uploads\/sites\/4\/2026\/02\/Vytvarny-primestsky-tabor-vyletovy-13-225x300.jpeg 225w, https:\/\/atelierkrouzek.cz\/praha\/wp-content\/uploads\/sites\/4\/2026\/02\/Vytvarny-primestsky-tabor-vyletovy-13-768x1024.jpeg 768w, https:\/\/atelierkrouzek.cz\/praha\/wp-content\/uploads\/sites\/4\/2026\/02\/Vytvarny-primestsky-tabor-vyletovy-13-1152x1536.jpeg 1152w\" sizes=\"(max-width: 1536px) 100vw, 1536px\" \/><\/figure><\/li><li class=\"blocks-gallery-item\"><figure><img loading=\"lazy\" decoding=\"async\" width=\"1536\" height=\"2048\" src=\"https:\/\/atelierkrouzek.cz\/praha\/wp-content\/uploads\/sites\/4\/2026\/02\/Vytvarny-primestsky-tabor-vyletovy-14.jpeg\" alt=\"D\u011bti na v\u00fdtvarn\u00e9m p\u0159\u00edm\u011bstsk\u00e9m t\u00e1bo\u0159e - v\u00fdstava\" class=\"wp-image-5996\" srcset=\"https:\/\/atelierkrouzek.cz\/praha\/wp-content\/uploads\/sites\/4\/2026\/02\/Vytvarny-primestsky-tabor-vyletovy-14.jpeg 1536w, https:\/\/atelierkrouzek.cz\/praha\/wp-content\/uploads\/sites\/4\/2026\/02\/Vytvarny-primestsky-tabor-vyletovy-14-225x300.jpeg 225w, https:\/\/atelierkrouzek.cz\/praha\/wp-content\/uploads\/sites\/4\/2026\/02\/Vytvarny-primestsky-tabor-vyletovy-14-768x1024.jpeg 768w, https:\/\/atelierkrouzek.cz\/praha\/wp-content\/uploads\/sites\/4\/2026\/02\/Vytvarny-primestsky-tabor-vyletovy-14-1152x1536.jpeg 1152w\" sizes=\"(max-width: 1536px) 100vw, 1536px\" \/><\/figure><\/li><li class=\"blocks-gallery-item\"><figure><img loading=\"lazy\" decoding=\"async\" width=\"1536\" height=\"2048\" src=\"https:\/\/atelierkrouzek.cz\/praha\/wp-content\/uploads\/sites\/4\/2026\/02\/Vytvarny-primestsky-tabor-vyletovy-15.jpeg\" alt=\"D\u011bti na v\u00fdtvarn\u00e9m p\u0159\u00edm\u011bstsk\u00e9m t\u00e1bo\u0159e - v\u00fdstava\" class=\"wp-image-5997\" srcset=\"https:\/\/atelierkrouzek.cz\/praha\/wp-content\/uploads\/sites\/4\/2026\/02\/Vytvarny-primestsky-tabor-vyletovy-15.jpeg 1536w, https:\/\/atelierkrouzek.cz\/praha\/wp-content\/uploads\/sites\/4\/2026\/02\/Vytvarny-primestsky-tabor-vyletovy-15-225x300.jpeg 225w, https:\/\/atelierkrouzek.cz\/praha\/wp-content\/uploads\/sites\/4\/2026\/02\/Vytvarny-primestsky-tabor-vyletovy-15-768x1024.jpeg 768w, https:\/\/atelierkrouzek.cz\/praha\/wp-content\/uploads\/sites\/4\/2026\/02\/Vytvarny-primestsky-tabor-vyletovy-15-1152x1536.jpeg 1152w\" sizes=\"(max-width: 1536px) 100vw, 1536px\" \/><\/figure><\/li><\/ul>\n\n\n<div style=\"height:30px\" aria-hidden=\"true\" id=\"Krajinkarsky\" class=\"wp-block-spacer\"><\/div>\n\n\n\n<hr class=\"wp-block-separator has-alpha-channel-opacity\"\/>\n\n\n\n<div style=\"height:15px\" aria-hidden=\"true\" class=\"wp-block-spacer\"><\/div>\n\n\n\n<div class=\"wp-block-media-text is-stacked-on-mobile\" style=\"grid-template-columns:33% auto\"><figure class=\"wp-block-media-text__media\"><img loading=\"lazy\" decoding=\"async\" width=\"600\" height=\"660\" src=\"https:\/\/atelierkrouzek.cz\/praha\/wp-content\/uploads\/sites\/4\/2026\/02\/Primestak_Krajinkarsky.jpg\" alt=\"\" class=\"wp-image-5879 size-full\" srcset=\"https:\/\/atelierkrouzek.cz\/praha\/wp-content\/uploads\/sites\/4\/2026\/02\/Primestak_Krajinkarsky.jpg 600w, https:\/\/atelierkrouzek.cz\/praha\/wp-content\/uploads\/sites\/4\/2026\/02\/Primestak_Krajinkarsky-273x300.jpg 273w\" sizes=\"(max-width: 600px) 100vw, 600px\" \/><\/figure><div class=\"wp-block-media-text__content\">\n<h2 class=\"wp-block-heading\"><br>Kresba a malba krajin od skic po obraz na pl\u00e1tn\u011b<\/h2>\n\n\n\n<p>Vyzkou\u0161\u00edme si <strong>del\u0161\u00ed procesy tvorby obraz\u016f<\/strong>. Pro ztv\u00e1rn\u011bn\u00ed krajiny budeme vyu\u017e\u00edvat r\u016fzn\u00e9 v\u00fdtvarn\u00e9 techniky a tak\u00e9 je spolu kombinovat. Nejd\u0159\u00edve skicovat na na\u0161em zelen\u00e9m dvorku a v&nbsp;parku podle \u017eiv\u00e9 p\u0159\u00edrody a v&nbsp;ateli\u00e9ru p\u0159evedeme skici do obraz\u016f <strong>na v\u011bt\u0161\u00ed form\u00e1ty a tak\u00e9 na obraz na pl\u00e1tn\u011b. <\/strong>D\u011bti se nau\u010d\u00ed jak si rozvrhnout obraz do pl\u00e1n\u016f (pozad\u00ed, pop\u0159ed\u00ed, motiv) i jak<strong> <\/strong>pracovat s&nbsp;kompozic\u00ed barev.<\/p>\n\n\n\n<p>Dop\u0159ejeme si pohyb v&nbsp;parku na h\u0159i\u0161ti, kde bude jak voln\u00e1 z\u00e1bava, tak i spole\u010dn\u00e9 pohybov\u00e9 hry nebo se projdeme cestou na v\u00fdstavu do galerie.<\/p>\n\n\n\n<p><strong>Na z\u00e1v\u011br p\u0159iprav\u00edme v\u00a0ateli\u00e9ru v\u00fdstavu<\/strong>, na kterou si mohou d\u011bti pozvat koho cht\u011bj\u00ed.<\/p>\n\n\n\n<p>Program je vhodn\u00fd jak pro za\u010d\u00e1te\u010dn\u00edky tak i pokro\u010dil\u00e9 d\u011bti ve v\u011bku 6\u201313 let.<\/p>\n\n\n\n<p>Krajink\u00e1\u0159sk\u00fd p\u0159\u00edm\u011b\u0161\u0165\u00e1k povedou <a href=\"https:\/\/atelierkrouzek.cz\/praha\/nas-tym\/#bara\"><strong><mark style=\"background-color:rgba(0, 0, 0, 0)\" class=\"has-inline-color has-pale-pink-color\">MgA. B\u00e1ra Pertlov\u00e1 <\/mark><\/strong><\/a>s<a href=\"https:\/\/www.kaminkovalenka.cz\/\" data-type=\"link\" data-id=\"https:\/\/www.kaminkovalenka.cz\/\" target=\"_blank\" rel=\"noopener\"> <mark style=\"background-color:rgba(0, 0, 0, 0)\" class=\"has-inline-color has-pale-pink-color\"><strong>MgA. Lenkou Kam\u00ednkovou<\/strong><\/mark><\/a> .<\/p>\n<\/div><\/div>\n\n\n\n<div style=\"height:30px\" aria-hidden=\"true\" class=\"wp-block-spacer\"><\/div>\n\n\n<ul class=\"filebird-block-filebird-gallery layout-grid columns-5 is-cropped\" style=\"--columns: 5;--space: 0px;--min-width: 0px;\"><li class=\"blocks-gallery-item\"><figure><img loading=\"lazy\" decoding=\"async\" width=\"1200\" height=\"1600\" src=\"https:\/\/atelierkrouzek.cz\/praha\/wp-content\/uploads\/sites\/4\/2026\/02\/Vytvarny-primestsky-tabor-krajinkarsky-01.jpeg\" alt=\"\" class=\"wp-image-6024\" srcset=\"https:\/\/atelierkrouzek.cz\/praha\/wp-content\/uploads\/sites\/4\/2026\/02\/Vytvarny-primestsky-tabor-krajinkarsky-01.jpeg 1200w, https:\/\/atelierkrouzek.cz\/praha\/wp-content\/uploads\/sites\/4\/2026\/02\/Vytvarny-primestsky-tabor-krajinkarsky-01-225x300.jpeg 225w, https:\/\/atelierkrouzek.cz\/praha\/wp-content\/uploads\/sites\/4\/2026\/02\/Vytvarny-primestsky-tabor-krajinkarsky-01-768x1024.jpeg 768w, https:\/\/atelierkrouzek.cz\/praha\/wp-content\/uploads\/sites\/4\/2026\/02\/Vytvarny-primestsky-tabor-krajinkarsky-01-1152x1536.jpeg 1152w\" sizes=\"(max-width: 1200px) 100vw, 1200px\" \/><\/figure><\/li><li class=\"blocks-gallery-item\"><figure><img loading=\"lazy\" decoding=\"async\" width=\"1200\" height=\"1600\" src=\"https:\/\/atelierkrouzek.cz\/praha\/wp-content\/uploads\/sites\/4\/2026\/02\/Vytvarny-primestsky-tabor-krajinkarsky-02.jpeg\" alt=\"\" class=\"wp-image-6025\" srcset=\"https:\/\/atelierkrouzek.cz\/praha\/wp-content\/uploads\/sites\/4\/2026\/02\/Vytvarny-primestsky-tabor-krajinkarsky-02.jpeg 1200w, https:\/\/atelierkrouzek.cz\/praha\/wp-content\/uploads\/sites\/4\/2026\/02\/Vytvarny-primestsky-tabor-krajinkarsky-02-225x300.jpeg 225w, https:\/\/atelierkrouzek.cz\/praha\/wp-content\/uploads\/sites\/4\/2026\/02\/Vytvarny-primestsky-tabor-krajinkarsky-02-768x1024.jpeg 768w, https:\/\/atelierkrouzek.cz\/praha\/wp-content\/uploads\/sites\/4\/2026\/02\/Vytvarny-primestsky-tabor-krajinkarsky-02-1152x1536.jpeg 1152w\" sizes=\"(max-width: 1200px) 100vw, 1200px\" \/><\/figure><\/li><li class=\"blocks-gallery-item\"><figure><img loading=\"lazy\" decoding=\"async\" width=\"1440\" height=\"1800\" src=\"https:\/\/atelierkrouzek.cz\/praha\/wp-content\/uploads\/sites\/4\/2026\/02\/Vytvarny-primestsky-tabor-krajinkarsky-03.jpeg\" alt=\"\" class=\"wp-image-6026\" srcset=\"https:\/\/atelierkrouzek.cz\/praha\/wp-content\/uploads\/sites\/4\/2026\/02\/Vytvarny-primestsky-tabor-krajinkarsky-03.jpeg 1440w, https:\/\/atelierkrouzek.cz\/praha\/wp-content\/uploads\/sites\/4\/2026\/02\/Vytvarny-primestsky-tabor-krajinkarsky-03-240x300.jpeg 240w, https:\/\/atelierkrouzek.cz\/praha\/wp-content\/uploads\/sites\/4\/2026\/02\/Vytvarny-primestsky-tabor-krajinkarsky-03-819x1024.jpeg 819w, https:\/\/atelierkrouzek.cz\/praha\/wp-content\/uploads\/sites\/4\/2026\/02\/Vytvarny-primestsky-tabor-krajinkarsky-03-768x960.jpeg 768w, https:\/\/atelierkrouzek.cz\/praha\/wp-content\/uploads\/sites\/4\/2026\/02\/Vytvarny-primestsky-tabor-krajinkarsky-03-1229x1536.jpeg 1229w\" sizes=\"(max-width: 1440px) 100vw, 1440px\" \/><\/figure><\/li><li class=\"blocks-gallery-item\"><figure><img loading=\"lazy\" decoding=\"async\" width=\"1440\" height=\"1800\" src=\"https:\/\/atelierkrouzek.cz\/praha\/wp-content\/uploads\/sites\/4\/2026\/02\/Vytvarny-primestsky-tabor-krajinkarsky-04.jpeg\" alt=\"\" class=\"wp-image-6027\" srcset=\"https:\/\/atelierkrouzek.cz\/praha\/wp-content\/uploads\/sites\/4\/2026\/02\/Vytvarny-primestsky-tabor-krajinkarsky-04.jpeg 1440w, https:\/\/atelierkrouzek.cz\/praha\/wp-content\/uploads\/sites\/4\/2026\/02\/Vytvarny-primestsky-tabor-krajinkarsky-04-240x300.jpeg 240w, https:\/\/atelierkrouzek.cz\/praha\/wp-content\/uploads\/sites\/4\/2026\/02\/Vytvarny-primestsky-tabor-krajinkarsky-04-819x1024.jpeg 819w, https:\/\/atelierkrouzek.cz\/praha\/wp-content\/uploads\/sites\/4\/2026\/02\/Vytvarny-primestsky-tabor-krajinkarsky-04-768x960.jpeg 768w, https:\/\/atelierkrouzek.cz\/praha\/wp-content\/uploads\/sites\/4\/2026\/02\/Vytvarny-primestsky-tabor-krajinkarsky-04-1229x1536.jpeg 1229w\" sizes=\"(max-width: 1440px) 100vw, 1440px\" \/><\/figure><\/li><li class=\"blocks-gallery-item\"><figure><img loading=\"lazy\" decoding=\"async\" width=\"1440\" height=\"1800\" src=\"https:\/\/atelierkrouzek.cz\/praha\/wp-content\/uploads\/sites\/4\/2026\/02\/Vytvarny-primestsky-tabor-krajinkarsky-05.jpeg\" alt=\"\" class=\"wp-image-6028\" srcset=\"https:\/\/atelierkrouzek.cz\/praha\/wp-content\/uploads\/sites\/4\/2026\/02\/Vytvarny-primestsky-tabor-krajinkarsky-05.jpeg 1440w, https:\/\/atelierkrouzek.cz\/praha\/wp-content\/uploads\/sites\/4\/2026\/02\/Vytvarny-primestsky-tabor-krajinkarsky-05-240x300.jpeg 240w, https:\/\/atelierkrouzek.cz\/praha\/wp-content\/uploads\/sites\/4\/2026\/02\/Vytvarny-primestsky-tabor-krajinkarsky-05-819x1024.jpeg 819w, https:\/\/atelierkrouzek.cz\/praha\/wp-content\/uploads\/sites\/4\/2026\/02\/Vytvarny-primestsky-tabor-krajinkarsky-05-768x960.jpeg 768w, https:\/\/atelierkrouzek.cz\/praha\/wp-content\/uploads\/sites\/4\/2026\/02\/Vytvarny-primestsky-tabor-krajinkarsky-05-1229x1536.jpeg 1229w\" sizes=\"(max-width: 1440px) 100vw, 1440px\" \/><\/figure><\/li><li class=\"blocks-gallery-item\"><figure><img loading=\"lazy\" decoding=\"async\" width=\"1536\" height=\"2048\" src=\"https:\/\/atelierkrouzek.cz\/praha\/wp-content\/uploads\/sites\/4\/2026\/02\/Vytvarny-primestsky-tabor-krajinkarsky-06.jpeg\" alt=\"\" class=\"wp-image-6029\" srcset=\"https:\/\/atelierkrouzek.cz\/praha\/wp-content\/uploads\/sites\/4\/2026\/02\/Vytvarny-primestsky-tabor-krajinkarsky-06.jpeg 1536w, https:\/\/atelierkrouzek.cz\/praha\/wp-content\/uploads\/sites\/4\/2026\/02\/Vytvarny-primestsky-tabor-krajinkarsky-06-225x300.jpeg 225w, https:\/\/atelierkrouzek.cz\/praha\/wp-content\/uploads\/sites\/4\/2026\/02\/Vytvarny-primestsky-tabor-krajinkarsky-06-768x1024.jpeg 768w, https:\/\/atelierkrouzek.cz\/praha\/wp-content\/uploads\/sites\/4\/2026\/02\/Vytvarny-primestsky-tabor-krajinkarsky-06-1152x1536.jpeg 1152w\" sizes=\"(max-width: 1536px) 100vw, 1536px\" \/><\/figure><\/li><li class=\"blocks-gallery-item\"><figure><img loading=\"lazy\" decoding=\"async\" width=\"1200\" height=\"1600\" src=\"https:\/\/atelierkrouzek.cz\/praha\/wp-content\/uploads\/sites\/4\/2026\/02\/Vytvarny-primestsky-tabor-krajinkarsky-07.jpeg\" alt=\"\" class=\"wp-image-6030\" srcset=\"https:\/\/atelierkrouzek.cz\/praha\/wp-content\/uploads\/sites\/4\/2026\/02\/Vytvarny-primestsky-tabor-krajinkarsky-07.jpeg 1200w, https:\/\/atelierkrouzek.cz\/praha\/wp-content\/uploads\/sites\/4\/2026\/02\/Vytvarny-primestsky-tabor-krajinkarsky-07-225x300.jpeg 225w, https:\/\/atelierkrouzek.cz\/praha\/wp-content\/uploads\/sites\/4\/2026\/02\/Vytvarny-primestsky-tabor-krajinkarsky-07-768x1024.jpeg 768w, https:\/\/atelierkrouzek.cz\/praha\/wp-content\/uploads\/sites\/4\/2026\/02\/Vytvarny-primestsky-tabor-krajinkarsky-07-1152x1536.jpeg 1152w\" sizes=\"(max-width: 1200px) 100vw, 1200px\" \/><\/figure><\/li><li class=\"blocks-gallery-item\"><figure><img loading=\"lazy\" decoding=\"async\" width=\"1200\" height=\"1600\" src=\"https:\/\/atelierkrouzek.cz\/praha\/wp-content\/uploads\/sites\/4\/2026\/02\/Vytvarny-primestsky-tabor-krajinkarsky-08.jpeg\" alt=\"\" class=\"wp-image-6031\" srcset=\"https:\/\/atelierkrouzek.cz\/praha\/wp-content\/uploads\/sites\/4\/2026\/02\/Vytvarny-primestsky-tabor-krajinkarsky-08.jpeg 1200w, https:\/\/atelierkrouzek.cz\/praha\/wp-content\/uploads\/sites\/4\/2026\/02\/Vytvarny-primestsky-tabor-krajinkarsky-08-225x300.jpeg 225w, https:\/\/atelierkrouzek.cz\/praha\/wp-content\/uploads\/sites\/4\/2026\/02\/Vytvarny-primestsky-tabor-krajinkarsky-08-768x1024.jpeg 768w, https:\/\/atelierkrouzek.cz\/praha\/wp-content\/uploads\/sites\/4\/2026\/02\/Vytvarny-primestsky-tabor-krajinkarsky-08-1152x1536.jpeg 1152w\" sizes=\"(max-width: 1200px) 100vw, 1200px\" \/><\/figure><\/li><li class=\"blocks-gallery-item\"><figure><img loading=\"lazy\" decoding=\"async\" width=\"1200\" height=\"1600\" src=\"https:\/\/atelierkrouzek.cz\/praha\/wp-content\/uploads\/sites\/4\/2026\/02\/Vytvarny-primestsky-tabor-krajinkarsky-09.jpeg\" alt=\"\" class=\"wp-image-6032\" srcset=\"https:\/\/atelierkrouzek.cz\/praha\/wp-content\/uploads\/sites\/4\/2026\/02\/Vytvarny-primestsky-tabor-krajinkarsky-09.jpeg 1200w, https:\/\/atelierkrouzek.cz\/praha\/wp-content\/uploads\/sites\/4\/2026\/02\/Vytvarny-primestsky-tabor-krajinkarsky-09-225x300.jpeg 225w, https:\/\/atelierkrouzek.cz\/praha\/wp-content\/uploads\/sites\/4\/2026\/02\/Vytvarny-primestsky-tabor-krajinkarsky-09-768x1024.jpeg 768w, https:\/\/atelierkrouzek.cz\/praha\/wp-content\/uploads\/sites\/4\/2026\/02\/Vytvarny-primestsky-tabor-krajinkarsky-09-1152x1536.jpeg 1152w\" sizes=\"(max-width: 1200px) 100vw, 1200px\" \/><\/figure><\/li><li class=\"blocks-gallery-item\"><figure><img loading=\"lazy\" decoding=\"async\" width=\"1200\" height=\"1600\" src=\"https:\/\/atelierkrouzek.cz\/praha\/wp-content\/uploads\/sites\/4\/2026\/02\/Vytvarny-primestsky-tabor-krajinkarsky-10.jpeg\" alt=\"\" class=\"wp-image-6033\" srcset=\"https:\/\/atelierkrouzek.cz\/praha\/wp-content\/uploads\/sites\/4\/2026\/02\/Vytvarny-primestsky-tabor-krajinkarsky-10.jpeg 1200w, https:\/\/atelierkrouzek.cz\/praha\/wp-content\/uploads\/sites\/4\/2026\/02\/Vytvarny-primestsky-tabor-krajinkarsky-10-225x300.jpeg 225w, https:\/\/atelierkrouzek.cz\/praha\/wp-content\/uploads\/sites\/4\/2026\/02\/Vytvarny-primestsky-tabor-krajinkarsky-10-768x1024.jpeg 768w, https:\/\/atelierkrouzek.cz\/praha\/wp-content\/uploads\/sites\/4\/2026\/02\/Vytvarny-primestsky-tabor-krajinkarsky-10-1152x1536.jpeg 1152w\" sizes=\"(max-width: 1200px) 100vw, 1200px\" \/><\/figure><\/li><\/ul>\n\n\n<div style=\"height:30px\" aria-hidden=\"true\" class=\"wp-block-spacer\"><\/div>\n\n\n\n<hr class=\"wp-block-separator has-alpha-channel-opacity\"\/>\n\n\n\n<div style=\"height:15px\" aria-hidden=\"true\" class=\"wp-block-spacer\"><\/div>\n\n\n\n<p>Pokud m\u00e1te n\u011bjak\u00e9 dotazy k&nbsp;dopln\u011bn\u00ed info, tak se n\u00e1m nev\u00e1hejte ozvat na&nbsp;<a href=\"&#109;&#x61;&#105;&#x6c;t&#111;&#x3a;&#107;&#x75;r&#x7a;y&#64;&#x61;&#116;&#x65;l&#x69;&#x65;&#114;&#x6b;r&#x6f;u&#122;&#x65;&#107;&#x2e;c&#x7a;\" target=\"_blank\" rel=\"noreferrer noopener\"><mark style=\"background-color:rgba(0, 0, 0, 0)\" class=\"has-inline-color has-pale-pink-color\">&#107;&#x75;&#114;&#x7a;&#121;&#x40;&#97;&#x74;&#101;&#x6c;&#105;&#x65;r&#x6b;r&#x6f;u&#x7a;e&#x6b;&#46;&#x63;z<\/mark><\/a>&nbsp;nebo 774&nbsp;484&nbsp;810.<\/p>\n\n\n\n<div style=\"height:20px\" aria-hidden=\"true\" class=\"wp-block-spacer\"><\/div>\n\n\n\n<div class=\"wp-block-buttons is-content-justification-center is-layout-flex wp-container-core-buttons-is-layout-5 wp-block-buttons-is-layout-flex\">\n<div class=\"wp-block-button has-custom-font-size\" style=\"font-size:20px\"><a class=\"wp-block-button__link has-white-color has-pale-pink-background-color has-text-color has-background has-link-color has-text-align-center wp-element-button\" href=\"https:\/\/atelierkrouzek.cz\/praha\/prihlaska\/\" style=\"border-radius:100px\"><mark style=\"background-color:rgba(0, 0, 0, 0)\" class=\"has-inline-color has-white-color\">P\u0158IHL\u00c1SIT SE<\/mark><\/a><\/div>\n<\/div>\n\n\n\n<div style=\"height:40px\" aria-hidden=\"true\" class=\"wp-block-spacer\"><\/div>\n","protected":false},"excerpt":{"rendered":"<p>Letos m\u00e1me \u010dty\u0159i term\u00edny letn\u00edch v\u00fdtvarn\u00fdch p\u0159\u00edm\u011bstsk\u00fdch t\u00e1bor\u016f dle v\u011bku i n\u00e1m\u011btu: ilustrace, komiks a voln\u00e1 tvorba pro d\u011bti ve v\u011bku&nbsp;6\u201313&nbsp;letterm\u00edn:&nbsp;13.\u201317.&nbsp;7.&nbsp;2026 v\u00fdlety a tvorba v&nbsp;plen\u00e9ru pro d\u011bti ve v\u011bku&nbsp;8\u201315&nbsp;letterm\u00edn:&nbsp;20.\u201324.&nbsp;7.&nbsp;2026 pro d\u011bti ve v\u011bku&nbsp;8\u201315&nbsp;letterm\u00edn:&nbsp;24.\u201328.&nbsp;8.&nbsp;2026 kresba a malba krajin od skic po obraz na pl\u00e1tn\u011b pro d\u011bti ve v\u011bku&nbsp;6\u201313&nbsp;letterm\u00edn: 17.\u201321.&nbsp;8.&nbsp;2026 Na p\u0159\u00edm\u011bstsk\u00fdch t\u00e1borech se v\u011bnujeme d\u011btem&nbsp;intenzivn\u011bji&nbsp;ne\u017e na<br \/><a class=\"moretag\" href=\"https:\/\/atelierkrouzek.cz\/praha\/primestsky-tabor\/\">+ Read More<\/a><\/p>\n","protected":false},"author":1,"featured_media":0,"parent":0,"menu_order":0,"comment_status":"closed","ping_status":"closed","template":"","meta":{"footnotes":""},"class_list":["post-5845","page","type-page","status-publish","hentry"],"_links":{"self":[{"href":"https:\/\/atelierkrouzek.cz\/praha\/wp-json\/wp\/v2\/pages\/5845"}],"collection":[{"href":"https:\/\/atelierkrouzek.cz\/praha\/wp-json\/wp\/v2\/pages"}],"about":[{"href":"https:\/\/atelierkrouzek.cz\/praha\/wp-json\/wp\/v2\/types\/page"}],"author":[{"embeddable":true,"href":"https:\/\/atelierkrouzek.cz\/praha\/wp-json\/wp\/v2\/users\/1"}],"replies":[{"embeddable":true,"href":"https:\/\/atelierkrouzek.cz\/praha\/wp-json\/wp\/v2\/comments?post=5845"}],"version-history":[{"count":88,"href":"https:\/\/atelierkrouzek.cz\/praha\/wp-json\/wp\/v2\/pages\/5845\/revisions"}],"predecessor-version":[{"id":6084,"href":"https:\/\/atelierkrouzek.cz\/praha\/wp-json\/wp\/v2\/pages\/5845\/revisions\/6084"}],"wp:attachment":[{"href":"https:\/\/atelierkrouzek.cz\/praha\/wp-json\/wp\/v2\/media?parent=5845"}],"curies":[{"name":"wp","href":"https:\/\/api.w.org\/{rel}","templated":true}]}}